{"id":81,"date":"2019-09-18T13:39:38","date_gmt":"2019-09-18T11:39:38","guid":{"rendered":"https:\/\/sites-formations.univ-rennes2.fr\/licence-pro-design-graphique-multimedia\/?page_id=81"},"modified":"2025-12-16T22:26:15","modified_gmt":"2025-12-16T21:26:15","slug":"maitrise-de-loutil-informatique","status":"publish","type":"page","link":"https:\/\/sites-formations.univ-rennes2.fr\/licence-pro-design-graphique-multimedia\/cours-412h\/maitrise-de-loutil-informatique\/","title":{"rendered":"Ma\u00eetrise de l&rsquo;outil informatique"},"content":{"rendered":"\n<h3 class=\"wp-block-heading\">Publication web \u2013 30 h<\/h3>\n\n\n\n<p><strong>Waldeck N\u00e9el<\/strong><\/p>\n\n\n\n<h3 class=\"wp-block-heading\">Cha\u00eene graphique \u2013 36 h<\/h3>\n\n\n\n<p>Ce cours permet aux \u00e9tudiant\u00b7e\u00b7s d\u2019aborder tous les aspects de la cha\u00eene de production d\u2019un document imprim\u00e9, en particulier l\u2019\u00e9dition d\u2019un livre depuis sa conception jusqu\u2019\u00e0 sa production. Les logiciels \u00e9tudi\u00e9s sont&#160;: InDesign, Photoshop  et certains logiciels d\u00e9di\u00e9s plus particuli\u00e8rement aux industries graphiques. Le logiciel InDesign, permet de travailler avec les \u00e9tudiant\u00b7e\u00b7s sur tous les aspects techniques des r\u00e8gles, composition et enrichissement  typographiques. Le travail autour de l\u2019image est travaill\u00e9 avec Photoshop du point de vue d\u2019un photograveur en explorant les champs techniques de l\u2019image, de la s\u00e9paration et du traitement des couleurs (ton direct et quadrichromie). Les notions de spectrocolorim\u00e9trie et colorim\u00e9trie sont abord\u00e9es et appliqu\u00e9es aux diff\u00e9rents travaux. L\u2019\u00e9tude du papier (fabrication, contraintes, utilisation et perspectives techniques li\u00e9es \u00e0 l&rsquo;\u00e9dition). L\u2019encre et op\u00e9rations connexes, les proc\u00e9d\u00e9s d\u2019impression et finition (reliure, pliage, finition) sont abord\u00e9s de fa\u00e7on pratique et th\u00e9orique afin de pouvoir  se sensibiliser \u00e0 la relation avec l\u2019imprimeur et \u00e0 la pr\u00e9paration des fichiers PDF aux normes pour la reproduction. \u2014 <strong>Jean-Luc Chalopin<\/strong><\/p>\n\n\n\n<h3 class=\"wp-block-heading\">Web design, code et programmation \u2013 36 h<\/h3>\n\n\n\n<p>Les technologies web sont aujourd&rsquo;hui \u00e0 la convergence de diff\u00e9rents m\u00e9dias. Sites internet, mais aussi applications mobiles, web-apps, applications windows ou mac os, jeux vid\u00e9os, \u0153uvres interactives, visualisation de donn\u00e9es, design g\u00e9n\u00e9ratif, voire installations interactives.<br>Ce cours est orient\u00e9 avant tout vers le web design et ses sp\u00e9cificit\u00e9s&#160;: design d&rsquo;interfaces et design interactif, mise en page <em>responsive<\/em>, etc.<br>Au-del\u00e0 des usages convenus et des tendances norm\u00e9es du web design, l&rsquo;enjeu est d&rsquo;explorer les possibilit\u00e9s exp\u00e9rimentales offertes par ce m\u00e9dium, \u00e0 travers un enseignement \u00e0 la fois technique et cr\u00e9atif.<br>HTML5, Javascript et CSS3 sont des outils puissants et polyvalents, en perp\u00e9tuelle \u00e9volution. L&rsquo;enjeu de ce cours est de donner aux \u00e9tudiant\u00b7e\u00b7s les bases conceptuelles et techniques pour s&rsquo;en emparer, et une autonomie m\u00e9thodologique qui leur permette par la suite de continuer \u00e0 se former par eux-m\u00eames. \u2014 <strong>Gildas Paubert, Waldeck N\u00e9el<\/strong><\/p>\n\n\n\n<figure class=\"wp-block-image\"><img loading=\"lazy\" decoding=\"async\" width=\"1440\" height=\"958\" src=\"https:\/\/sites-formations.univ-rennes2.fr\/licence-pro-design-graphique-multimedia\/wp-content\/uploads\/2021\/02\/JLC_0454-1440x958.jpg\" alt=\"\" class=\"wp-image-501\" srcset=\"https:\/\/sites-formations.univ-rennes2.fr\/licence-pro-design-graphique-multimedia\/wp-content\/uploads\/2021\/02\/JLC_0454-1440x958.jpg 1440w, https:\/\/sites-formations.univ-rennes2.fr\/licence-pro-design-graphique-multimedia\/wp-content\/uploads\/2021\/02\/JLC_0454-640x426.jpg 640w, https:\/\/sites-formations.univ-rennes2.fr\/licence-pro-design-graphique-multimedia\/wp-content\/uploads\/2021\/02\/JLC_0454-768x511.jpg 768w\" sizes=\"auto, (max-width: 1440px) 100vw, 1440px\" \/><\/figure>\n","protected":false},"excerpt":{"rendered":"<p>Publication web \u2013 30 h Waldeck N\u00e9el Cha\u00eene graphique \u2013 36 h Ce cours permet aux \u00e9tudiant\u00b7e\u00b7s d\u2019aborder tous les aspects de la cha\u00eene de production d\u2019un document imprim\u00e9, en particulier l\u2019\u00e9dition\u2026<\/p>\n","protected":false},"author":1,"featured_media":0,"parent":83,"menu_order":0,"comment_status":"closed","ping_status":"closed","template":"","meta":{"footnotes":""},"class_list":["post-81","page","type-page","status-publish","hentry"],"_links":{"self":[{"href":"https:\/\/sites-formations.univ-rennes2.fr\/licence-pro-design-graphique-multimedia\/wp-json\/wp\/v2\/pages\/81","targetHints":{"allow":["GET"]}}],"collection":[{"href":"https:\/\/sites-formations.univ-rennes2.fr\/licence-pro-design-graphique-multimedia\/wp-json\/wp\/v2\/pages"}],"about":[{"href":"https:\/\/sites-formations.univ-rennes2.fr\/licence-pro-design-graphique-multimedia\/wp-json\/wp\/v2\/types\/page"}],"author":[{"embeddable":true,"href":"https:\/\/sites-formations.univ-rennes2.fr\/licence-pro-design-graphique-multimedia\/wp-json\/wp\/v2\/users\/1"}],"replies":[{"embeddable":true,"href":"https:\/\/sites-formations.univ-rennes2.fr\/licence-pro-design-graphique-multimedia\/wp-json\/wp\/v2\/comments?post=81"}],"version-history":[{"count":25,"href":"https:\/\/sites-formations.univ-rennes2.fr\/licence-pro-design-graphique-multimedia\/wp-json\/wp\/v2\/pages\/81\/revisions"}],"predecessor-version":[{"id":765,"href":"https:\/\/sites-formations.univ-rennes2.fr\/licence-pro-design-graphique-multimedia\/wp-json\/wp\/v2\/pages\/81\/revisions\/765"}],"up":[{"embeddable":true,"href":"https:\/\/sites-formations.univ-rennes2.fr\/licence-pro-design-graphique-multimedia\/wp-json\/wp\/v2\/pages\/83"}],"wp:attachment":[{"href":"https:\/\/sites-formations.univ-rennes2.fr\/licence-pro-design-graphique-multimedia\/wp-json\/wp\/v2\/media?parent=81"}],"curies":[{"name":"wp","href":"https:\/\/api.w.org\/{rel}","templated":true}]}}